{"id":205,"date":"2017-11-30T11:55:31","date_gmt":"2017-11-30T11:55:31","guid":{"rendered":"http:\/\/pubweb.carnet.hr\/suoznhb\/?page_id=205"},"modified":"2024-04-04T11:20:32","modified_gmt":"2024-04-04T11:20:32","slug":"izvjesce-o-radu-2","status":"publish","type":"page","link":"https:\/\/pubweb.carnet.hr\/suoznhb\/izvjesce-o-radu-2\/","title":{"rendered":"IZVJE\u0160\u0106A"},"content":{"rendered":"<p><a href=\"http:\/\/pubweb.carnet.hr\/suoznhb\/wp-content\/uploads\/sites\/96\/2024\/04\/Izvje\u0161\u0107e-o-radu-za-2023-godinu-1.pdf\">IZVJE\u0160\u0106E O RADU 2023.<\/a><\/p>\n<p><a href=\"http:\/\/pubweb.carnet.hr\/suoznhb\/wp-content\/uploads\/sites\/96\/2024\/03\/Financijsko-izvje\u0161\u0107e-2023..pdf\">Financijski izvje\u0161taj 2023.<\/a><\/p>\n<p><a href=\"http:\/\/pubweb.carnet.hr\/suoznhb\/wp-content\/uploads\/sites\/96\/2023\/03\/IZVJE\u0160\u0106E-O-RADU-2022..pdf\">IZVJE\u0160\u0106E O RADU 2022.<\/a><\/p>\n<p><a href=\"http:\/\/pubweb.carnet.hr\/suoznhb\/wp-content\/uploads\/sites\/96\/2023\/03\/Financijski-izvje\u0161taji-2022._compressed-1.pdf\">Financijski izvje\u0161taj 2022.<\/a><\/p>\n<p><a href=\"http:\/\/pubweb.carnet.hr\/suoznhb\/wp-content\/uploads\/sites\/96\/2022\/05\/1652169610699_IZVJE\u0160\u0106E-O-RADU-2021..pdf\">IZVJE\u0160\u0106E O RADU 2021.<\/a><\/p>\n<p><a href=\"http:\/\/pubweb.carnet.hr\/suoznhb\/wp-content\/uploads\/sites\/96\/2022\/03\/Financijski-izvje\u0161taj-2021.pdf\">Financijski izvje\u0161taj 2021<\/a><\/p>\n<p><a href=\"http:\/\/pubweb.carnet.hr\/suoznhb\/wp-content\/uploads\/sites\/96\/2021\/03\/IZVJE\u0160\u0106E-O-RADU-2020..pdf\">IZVJE\u0160\u0106E O RADU 2020.<\/a><\/p>\n<p><a href=\"http:\/\/pubweb.carnet.hr\/suoznhb\/wp-content\/uploads\/sites\/96\/2021\/03\/Izvje\u0161taj-o-prihodima-i-rashodima.pdf\">Izvje\u0161taj o prihodima i rashodima<\/a><\/p>\n<p><a href=\"http:\/\/pubweb.carnet.hr\/suoznhb\/wp-content\/uploads\/sites\/96\/2021\/03\/Bilanca.pdf\">Bilanca<\/a><\/p>\n<p><a href=\"http:\/\/pubweb.carnet.hr\/suoznhb\/wp-content\/uploads\/sites\/96\/2018\/06\/izvje\u0161\u0107e-o-radu-2017.docx\">izvje\u0161\u0107e o radu 2017<\/a><\/p>\n<p><a style=\"text-align: right;font-size: 16px\" href=\"http:\/\/pubweb.carnet.hr\/suoznhb\/wp-content\/uploads\/sites\/96\/2020\/04\/IZVJE\u0160\u0106E-O-RADU-ZA-2018.pdf\">IZVJE\u0160\u0106E O RADU ZA 2018<\/a><\/p>\n<p><a href=\"http:\/\/pubweb.carnet.hr\/suoznhb\/wp-content\/uploads\/sites\/96\/2020\/04\/IZVJE\u0160\u0106E-O-RADU-ZA-2019.pdf\">IZVJE\u0160\u0106E O RADU ZA 2019<\/a><\/p>\n<p><a href=\"http:\/\/pubweb.carnet.hr\/suoznhb\/wp-content\/uploads\/sites\/96\/2020\/05\/Financijsko-izvje\u0161\u0107e-2019-1-4.pdf\">Financijsko izvje\u0161\u0107e 2019-1-4<\/a>\u00a0 \u00a0 \u00a0<a href=\"http:\/\/pubweb.carnet.hr\/suoznhb\/wp-content\/uploads\/sites\/96\/2020\/05\/Financijsko-izvje\u0161\u0107e-2019-5-7.pdf\">Financijsko izvje\u0161\u0107e 2019-5-7<\/a><\/p>\n<p><a href=\"http:\/\/pubweb.carnet.hr\/suoznhb\/wp-content\/uploads\/sites\/96\/2021\/01\/Izvje\u0161taj-neovisnog-revizora-o-revizorskom-uvidu-u-Financijske-izvje\u0161taje-SUOZNHB-a-za-2019.-godinu.pdf\">Izvje\u0161taj neovisnog revizora o revizorskom uvidu u Financijske izvje\u0161taje SUOZNHB-a za 2019. godinu<\/a><\/p>\n<p>&nbsp;<\/p>\n<p style=\"text-align: center\"><strong>IZVJE\u0160\u0106E O RADU ZA 2019.GODINU<\/strong><\/p>\n<p><strong>\u00a0<\/strong><strong>\u00a0<\/strong><\/p>\n<p><strong><em>Savez udruga obitelji zato\u010denih i nestalih hrvatskih branitelja<\/em><\/strong> je svoj\u00a0 rad i djelovanje u 2019. godini realizirao sukladno ciljevima i zada\u0107ama iz Statuta, u skladu sa zakonskim propisima, nacionalnim strategijama, Strate\u0161ko-operativnom planu udruge te ostvarenim financijskim potporama, podr\u0161kama i partnerstvima sa institucijama, udrugama iz Domovinskog rata i suradnicima koji podr\u017eavaju rad i djelovanje Saveza.<\/p>\n<p>Savez je svoj rad i djelovanje u 2019. godini provodio uz podr\u0161ku: Ministarstva hrvatskih branitelja, Grada Zagreba, Nacionalne zaklade za razvoj civilnog dru\u0161tva, Hrvatskog Crvenog kri\u017ea, Me\u0111unarodnog odbora Crvenog kri\u017ea i Grada Vinkovaca kroz slijede\u0107e projekte\/programe\/aktivnosti:<\/p>\n<ol>\n<li>SUO\u010cAVANJE SA ISTINOM \u2013 NASLIJE\u0110E DOMOVINSKOG RATA<\/li>\n<li>\u2013 GODINA NESTALIH OSOBA<\/li>\n<li>KREATIVNO\u0160\u0106U DO KVALITETNIJEG \u017dIVOTA<\/li>\n<li>KONFERENCIJA O NESTALIM OSOBAMA U DOMOVINSKOM RATU \u201ePRAVO NESTALIH NA IDENTITET \u2013 PRAVO OBITELJI NA ISTINU\u201c<\/li>\n<li>U ZAJEDNI\u0160TVU SE I NJIHOV GLAS \u010cUJE<\/li>\n<li>GLAZBENOM TERAPIJOM DJECE HRVATSKIH BRANITELJA DO KVALITETNIJEG \u017dIVOTA HRVATSKOG BRANITELJA<\/li>\n<li>RAZVOJNA SURADNJA U PODRU\u010cJU CENTRA ZNANJA ZA DRU\u0160TVENI RAZVOJ U REPUBLICI HRVATSKOJ<\/li>\n<\/ol>\n<p>Osim rada i djelovanje kroz navedene projekte koji su provo\u0111eni samostalno, u partnerstvu i kroz 9. Centar znanja, Savez je participirao i u radu Regionalne koordinacije udruga obitelji nestalih osoba s podru\u010dja biv\u0161e Jugoslavije \u010diji su projekti i aktivnosti provo\u0111eni uz podr\u0161ku ICMP-a i ICRC-a.<\/p>\n<p>Savez je za svoj rad i djelovanje dobio dva priznanja u 2019. godini:<\/p>\n<ol>\n<li>Medalju Grada Zagreba za cjelokupan rad i izniman doprinos na podru\u010dju otkrivanja sudbina nestalih hrvatskih branitelja i svih nestalih osoba u Domovinskom ratu<\/li>\n<li>Za kampanju \u201eNestali\u201c u suradnji sa \u201e24SATA\u201c nagradu \u201eBrend godine\u201c na me\u0111unarodnom natjecanju Native Advertising Awards.<\/li>\n<\/ol>\n<p>&nbsp;<\/p>\n<p><strong><u>IZDVOJENE AKTIVNOSTI PROVEDENE U SKLOPU PROJEKATA<\/u><\/strong><\/p>\n<p><strong>\u00a0<\/strong><\/p>\n<p><strong>ME\u0110UNARODNI DAN NESTALIH OSOBA<\/strong><\/p>\n<ol start=\"30\">\n<li>kolovoza 2019.godine u Vinkovcima je odr\u017eano sredi\u0161nje obilje\u017eavanje Me\u0111unarodnog dana nestalih osoba u organizaciji Saveza udruga obitelji zato\u010denih i nestalih hrvatskih branitelja sa partnerskim organizacijama Zajednicom udruga hrvatskih civilnih stradalnika Domovinskog rata i Udrugom djece poginulih i nestalih hrvatskih branitelja Domovinskog rata, uz visoko pokroviteljstvo predsjednice Republike Hrvatske, pokroviteljstvo i potporu Ministarstva hrvatskih branitelja, Grada Vinkovaca, Vukovarsko-srijemske \u017eupanije, Hrvatskog Crvenog kri\u017ea, Me\u0111unarodnog odbora Crvenog kri\u017ea.<\/li>\n<\/ol>\n<p>U programu je sudjelovalo oko 200 \u010dlanova obitelji nestalih iz cijele Hrvatske, suradnika i uzvanika, veliki doprinos programu dala je i Uprava za zato\u010dene i nestale kroz prezentaciju na\u010dina rada i tehnologija u procesu tra\u017eenja nestalih osoba.<\/p>\n<p>&nbsp;<\/p>\n<p><strong>IZVJE\u0160TAJNI SABOR SUOZNHB I AKTUALNI SAT \u201ePravo nestalih na identitet \u2013 pravo obitelji na istinu\u201c<\/strong><\/p>\n<p><strong>\u00a0<\/strong>Redovni Izvje\u0161tajni Sabor SUOZNHB odr\u017ean je 26. listopada 2019. godine u Selcu. Na Saboru je usvojeno Izvje\u0161\u0107e o radu, Financijsko izvje\u0161\u0107e te izvje\u0161\u0107e Nadzornog odbora. Usvojen je i revidirani financijsko-operativni plan za 2019.godinu, te financijsko-operativni plan za 2020. godinu.<\/p>\n<p>Na Aktualnom satu posve\u0107enom pitanju nestalih osoba na\u010delnica Sektora za tra\u017eenje osoba zato\u010denih i nestalih u Domovinskom ratu Vi\u0161nja Bili\u0107 predstavila je rezultate rada Ministarstva hrvatskih branitelja, Uprave za zato\u010dene i nestale u mandatu ministra Tome Medveda i pomo\u0107nika ministra Stjepana Su\u010di\u0107a. Tijekom aktualnog sata \u010dlanovi su imali priliku postavljati pitanja i pomo\u0107niku ministra hrvatskih branitelja Stjepanu Su\u010di\u0107u, kao i iznositi svoja iskustva, prijedloge, stavove.<\/p>\n<p>&nbsp;<\/p>\n<p><strong>TEMATSKI SASTANCI UPRAVNOG ODBORA, ME\u0110USEKTORSKA SURADNJA<\/strong><\/p>\n<p><strong>\u00a0<\/strong>&#8211; Na tematskim sastancima Upravnog odbora na kojima su sudjelovali predstavnici udruga \u010dlanica Saveza iz Zagreba, Osijeka, Vukovara, Vinkovaca, Vara\u017edina i \u010cakovca dono\u0161ene su odluke i smjernice iz djelokruga rada Saveza.<\/p>\n<p>&#8211; Predstavnici SUOZNHB su aktivno sudjelovali na sastanku Ministarstva hrvatskih branitelja te drugih resornih ministarstava, slu\u017ebi i predstavnika vjerske zajednice sa \u010dlanovima obitelji nestalih\/ubijenih hrvatskih branitelja obuhva\u0107enih rje\u0161avanjem slo\u017eenih slu\u010dajeva vezanih uz \u00a0masovnu grobnicu \u201eVila Gavrilovi\u0107\u201c.<\/p>\n<p>&#8211; Odr\u017ean je sastanak sa policijskim slu\u017ebenicima MUP-ove Slu\u017ebe ratnih zlo\u010dina s ciljem intenziviranja suradnje na temu rje\u0161avanja pitanja nestalih osoba.<\/p>\n<p>&#8211; SUOZNHB je u partnerstvu sa Ministarstvom hrvatskih branitelja, Upravom za zato\u010dene i nestale organizirao tribinu \u201eMe\u0111usektorska suradnja u podru\u010dju rje\u0161avanja pitanja nestalih osoba\u201c na kojoj su sudjelovali predstavnici SUOZNHB, ZUHCSDR, UDPNHBDR te predstavnici MUP-a, Povjerenstva Vlade RH za nestale osobe i Sigurnosno obavje\u0161tajne agencije.<\/p>\n<p>&nbsp;<\/p>\n<p><strong>ZAKON O OSOBAMA NESTALIM U DOMOVINSKOM RATU<\/strong><\/p>\n<p>12.srpnja 2019. godine Hrvatski sabor je izglasao Zakon o osobama nestalim u Domovinskom ratu. Sjednicu Sabora su sa galerije pratili \u010dlanovi U.O. Saveza.<\/p>\n<p>&nbsp;<\/p>\n<p><strong>SURADNJA SA INSTITUCIJAMA<\/strong><\/p>\n<p>&#8211; U 2019. godini Savez je nastavio dobru suradnju i partnerski odnos sa Ministarstvom hrvatskih branitelja te suradnju sa Uredom predsjednice Republike Hrvatske na aktivnostima vezanim uz zagovaranje rje\u0161avanja pitanja nestalih osoba.<\/p>\n<p>&#8211; Nastavljena je dobra suradnja sa Hrvatskim Crvenim kri\u017eom u nekoliko aktivnosti sa posebnim naglaskom na aktivno sudjelovanje i podr\u0161ku HCK pri obilje\u017eavanju Me\u0111unarodnog dana nestalih osoba u Vinkovcima.<\/p>\n<p>&#8211; Predsjednik Vlade Republike Hrvatske Andrej Plenkovi\u0107 je povodom obilje\u017eavanja Me\u0111unarodnog dana nestalih osoba odr\u017eao sastanak sa predstavnicima SUOZNHB. Na sastanku je sudjelovao i ministar hrvatskih branitelja Tomo Medved. Razgovaralo se o postignu\u0107ima, problemima vezanim uz proces rje\u0161avanja pitanja nestalih osoba. Analizirane su aktivnosti koje provodi Ministarstvo hrvatskih branitelja te su dogovoreni budu\u0107i koraci u pronalasku osoba nestalih tijekom Domovinskog rata. Predsjednik Vlade Andrej Plenkovi\u0107 je pokazao visoku razinu razumijevanja i upu\u0107enosti u slo\u017eenost pitanja nestalih osoba, kao i potpunu podr\u0161ku obiteljima, Ministarstvu i Upravi za zato\u010dene i nestale u svakom pogledu. Predstavnici obitelji su iznijeli svoja osobna\u00a0 i zajedni\u010dka iskustva, mi\u0161ljenja te se zahvalili na vidljivoj posve\u0107enosti Vlade RH rje\u0161avanju pitanja nestalih osoba.<\/p>\n<p>&#8211; Na sve\u010danosti proslave Dana pobjede i domovinske zahvalnosti te Dana hrvatskih branitelja, na prijedlog Ministarstva hrvatskih branitelja, uz suglasnost ve\u0107ine braniteljskih i stradalni\u010dkih udruga, predsjednica SUOZNHB Ljiljana Alvir je u ime hrvatskih branitelja i \u010dlanova njihovih obitelji odr\u017eala prigodni govor.<\/p>\n<p>&nbsp;<\/p>\n<p><strong>ME\u0110UNARODNA SURADNJA<\/strong><\/p>\n<p>&#8211; Savez je aktivno sudjelovao u radu Regionalne koordinacije udruga obitelji nestalih osoba sa podru\u010dja biv\u0161e Jugoslavije ( sastanci upravnog odbora, sastanci sa predstavnicima ICMP-a, sastanci sa Upravom za zato\u010dene i nestale Ministarstva hrvatskih branitelja i Komisijom za nestala lica Republike Srbije, sudjelovanje u podru\u010dju Okvirnog plana za rje\u0161avanje pitanja nestalih osoba i pripremi izvje\u0161taja ).<\/p>\n<p>&#8211; Predstavnici ICMP-a su u Zagrebu odr\u017eali dvodnevni sastanak sa predstavnicima udruga nestalih osoba iz Republike Hrvatske sa ciljem razmjene aktualnih informacija iz procesa rje\u0161avanja pitanja nestalih osoba te na temu procjene trenutnih kapaciteta udruga u ostvarivanju ciljeva kroz svakodnevni rad.<\/p>\n<p>&#8211; Predstavnice SUOZNHB i ZUHCSDR odr\u017eale su sastanak sa konzultanticom UNDP-a Jasminkom D\u017eumhur radi definiranja potreba udruga u cilju unaprije\u0111enja stanja vezano za pitanje nestalih osoba na podru\u010dju biv\u0161e Jugoslavije<\/p>\n<p>&#8211; Predsjednica SUOZNHB je sudjelovala \u00a0na Forumu civilnog dru\u0161tva ( Civil society forum ) koji je odr\u017ean kao dio Summita u Poznanu ( Western Balkans Summit ), a u ukviru Berlinskog procesa. Osim na Forumu na kojem je predstavljeno Izvje\u0161\u0107e RK o imlementaciji Okvirnog plana za rje\u0161avanje pitanja nestalih osoba, Alvir je sudjelovala i na sastanku predstavnika institucija nadle\u017enih za rje\u0161avanje pitanja nestalih osoba uklju\u010denih u Okvirni plan.<\/p>\n<p><strong>\u00a0<\/strong><\/p>\n<p><strong>\u00a0<\/strong><strong>OBLJETNICE<\/strong><\/p>\n<p>Predstavnici SUOZNHB su sudjelovali u obilje\u017eavanjima ve\u0107ine zna\u010dajnih obljetnica vezanih uz Domovinski rat:<\/p>\n<p>&nbsp;<\/p>\n<ul>\n<li>godi\u0161njica razmjene zato\u010denika logora Bu\u010dje<\/li>\n<li>sje\u0107anje na \u017erte logora Stara Gradi\u0161ka<\/li>\n<li>Dan branitelja Grada Vukovara<\/li>\n<li>obljetnica VRO \u201eBljesak\u201c<\/li>\n<li>obljetnica pogibije 12 redarstvenika u Borovu Selu<\/li>\n<li>obljetnica raketiranja Zagreba<\/li>\n<li>Dan branitelja Grada Zagreba<\/li>\n<li>Dan sje\u0107anja na djecu poginulu u Domovinskom ratu \u201eMali kri\u017e \u2013 velika \u017ertva\u201c<\/li>\n<li>Dan oru\u017eanih snaga Republike Hrvatske<\/li>\n<li>obljetnica rada i djelovanja udruge \u201eVukovarske majke\u201c<\/li>\n<li>Dan dr\u017eavnosti Republike Hrvatske<\/li>\n<li>Komemorativna sjednica Hrvatskog sabora povodom sje\u0107anja i obilje\u017eavanja genocida u Srebrenici<\/li>\n<li>godi\u0161njica sje\u0107anja na po\u010detak Domovinskog rata u Daruvaru<\/li>\n<li>Obljetnica ustrojavanja \u201eTigrova\u201c<\/li>\n<li>Obljetnica VRO \u201eMeda\u010dki d\u017eep\u201c<\/li>\n<li>obljetnica stradanja Petrinje<\/li>\n<li>Obljetnica stradanja \u2013 Berak, Svinjarevci, Ceri\u0107, Miklu\u0161evci, Tompojevci, Sotin, Lovas, Tordinci, Bogdanovci, Ba\u0107in,&#8230;<\/li>\n<li>Dan sje\u0107anja na \u017ertvu Vukovara ( 17. \u2013 20. studeni )<\/li>\n<\/ul>\n<p>&nbsp;<\/p>\n<p><strong>SPOMEN OBILJE\u017dJA<\/strong><\/p>\n<p>U 2019. godini predstavnici SUOZNHB su sudjelovali na otkrivanju dva spomen obilje\u017eja na mjestima masovnih grobnica: \u201eBodegraj\u201c op\u0107ina Oku\u010dani i spomen obilje\u017eja Mala Solina.<\/p>\n<p>&nbsp;<\/p>\n<p><strong>IDENTIFIKACIJE I POKOPI IDENTIFICIRANIH HRVATSKIH BRANITELJA I UMRLIH \u010cLANOVA OBITELJI<\/strong><\/p>\n<p>Ministarstvo hrvatskih branitelja je u 2019. godini organiziralo sedam identifikacija posmrtnih ostataka vezanih uz Domovinski rat.<\/p>\n<p>\u010cetiri \u010dlana SUOZNHB su umrla u 2019. godini.<\/p>\n<p>&nbsp;<\/p>\n<p>&nbsp;<\/p>\n<p><strong>\u00a09.CENTAR ZNANJA<\/strong>, <strong>EDUKACIJE I IZGRADNJA KAPACITETA UDRUGE<\/strong><\/p>\n<p>Na edukacijama, okruglim stolovima i tribinama sudjelovali su \u010dlanovi Upravnog odbora i administrativno osoblje Saveza.<\/p>\n<ol>\n<li>Izobrazba o sustavu kvalitete djelovanja u organizacijama civilnog dru\u0161tva \u2013 organizator NZRCD<\/li>\n<li>Izobrazba o uspje\u0161nom prevladavanju stresnih situacija \u2013 organizator NZRCD<\/li>\n<li>Izobrazba o upravljanju vremenom, ciljevima i prioritetima \u2013 organizator NZRCD<\/li>\n<li>\u201eZa\u0161tita osobnih podataka \u2013 primjena u radu i djelovanju organizacija civilnog dru\u0161tva\u201c \u2013 organizator UDPNHBDR<\/li>\n<li>\u201ePravila protokola i poslovni bonton\u201c \u2013 ZUHCSDR<\/li>\n<li>Konferencija Civilno dru\u0161tvo 2030.: HR-EU_Euro \u2013 Mediteran \u2013 organizator NZRCD<\/li>\n<li>Informativna radionica Financiranje udruga iz podru\u010dja branitelja iz Domovinskog rata i njihovih obitelji, boraca II. svjetskog rata i civilnih invalida rata iz prora\u010duna Grada Zagreba 2020. i financijsko poslovanje neprofitnih organizacija \u2013 organizator Grad Zagreb, Ured za branitelje<\/li>\n<li>Konferenicja \u201eBranitelji i stradalnici Domovinskog rata: Ju\u010der-danas-sutra\u201c \u2013 organizat \u2013 organizator 9. Centar znanja<\/li>\n<li>\u201eJavni nastup i komunikacija na dru\u0161tvenim mre\u017eama\u201c \u2013 organizator ZUHCSDR<\/li>\n<li>Tribina\u00a0 \u201cBranitelji i stradalnici u Domovinskom ratu i 28 godina poslije\u201c \u2013 organizator SUOZNHB<\/li>\n<li>Tribina \u201e Me\u0111usektorska suradnja u podru\u010dju rje\u0161avanja pitanja nestalih osoba\u201c \u2013 organizator SUOZNHB<\/li>\n<li>Radionica \u201e Umre\u017eavanje NVO s ciljem doprinosa procesu rje\u0161avanja pitanja nestalih osoba\u201c \u2013 organizator SUOZNHB<\/li>\n<\/ol>\n<p>&nbsp;<\/p>\n<p>&nbsp;<\/p>\n<p><strong>SUSRETI \u010cLANOVA<\/strong><\/p>\n<p>Savez je u 2019. godini za svoje \u010dlanove organizirao i proveo Uskr\u0161nji i Bo\u017ei\u0107ni duhovni susret te rekreativno-kreativne susrete. U svakoj od aktivnosti je sudjelovalo preko 120 \u010dlanova, a uklju\u010deni su bili i predstavnici institucija, braniteljskih i stradalni\u010dkih udruga. Odr\u017eano je i preko 15 kreativnih radionica na kojima su \u010dlanice udruge u\u010dile i primjenjivale razne vje\u0161tine i tehnike te stvarale unikatne predmete koji su obliku prigodnih darova podijeljeni ostalim \u010dlanovima i suradnicima.<\/p>\n<p>&nbsp;<\/p>\n<p><strong>PARTNERSTVA I SURADNJA SA UDRUGAMA<\/strong><\/p>\n<p>U provo\u0111enju projekata SUOZNHB je nastavio partnerske odnose sa Zajednicom udruga hrvatskih civilnih stradalnika Domovinskog rata i Udrugom djece poginulih i nestalih hrvatskih branitelja, Klubom veterana 148. Brigade Trnje. Nastavljena je suradnja i sa ostalim udrugama proisteklim iz Domovinskog rata dr\u017eavne razine, a posebno sa udrugama iz 9. Centra znanja. Sklopljeno je i novo partnerstvo sa Humanitarnom udrugom \u201efra Mladen Hrka\u0107\u201c.<\/p>\n<p>U aktivnostima Saveza sudjelovalo je svih \u0161est udruga \u010dlanica sa svojim \u010dlanstvom, a \u010dlanovi obitelji nestalih hrvatskih branitelja su kroz sudjelovanje u aktivnostima drugih udruga iz Domovinskog rata doprinosili zajedni\u010dkim interesima i ciljevima.<\/p>\n<p>&nbsp;<\/p>\n<p><strong>VIDLJIVOST<\/strong><\/p>\n<p>Predstavnici Saveza i udruga \u010dlanica su u 2019. godini kroz sve zna\u010dajnije medije apelirali na potrebu ubrzanja rje\u0161avanja pitanja nestalih osoba. Objavljeno je niz \u010dlanaka, priloga, sudjelovanja u radijskim i televizijskim emisijama.<\/p>\n<p>Savez je nastavio aktivno sura\u0111ivati sa medijskom ku\u0107om \u201c24 Sata\u201d u pronala\u017eenju sugovornika za serijal \u201eNestali u Domovinskom ratu\u201c, kao i na promociji knjige \u201eNestali2\u201c koja je 2019.godine odr\u017eana u Zagrebu i Osijeku. Do sada je u serijalu objavljeno preko 130 pri\u010da obitelji nestalih hrvatskih branitelja i civila.<\/p>\n<p>SUOZNHB je zahvaljuju\u0107i kampanji \u201eNestali\u201c 24sata osvojio nagradu u kategoriji \u201eBrend godine\u201c na me\u0111unarodnom natjecanju Native Advertising Awards.<\/p>\n<p>&nbsp;<\/p>\n<p><strong>SVAKODNEVNI RAD SA KORISNICIMA<\/strong><\/p>\n<p>U okviru svog rada na dnevnoj razini komuniciramo sa \u010dlanovima obitelji nestalih hrvatskih branitelja, institucijama nadle\u017enim za pitanje nestalih osoba, udrugama iz Domovinskog rata i drugim pravnim osobama i pojedincima zainteresiranim za ovo pitanje. Kroz radni tjedan od ponedjeljka do petka, u vremenu od 9:00-16:00 sati smo obavljali dnevno izme\u0111u 10-20 telefonskih poziva te u prosjeku po 2-3 razgovora sa strankama u prostorijama Saveza.<\/p>\n<p>&nbsp;<\/p>\n<p>Navedeno je tek izdvojeni dio aktivnosti Saveza, dok su sve ostale aktivnosti sadr\u017eane u pismohrani udruge.<\/p>\n<p>&nbsp;<\/p>\n<p>U Zagrebu, 25. travnja 2020.godine<\/p>\n<p>&nbsp;<\/p>\n<p>Izvje\u0161\u0107e pripremila: Ana Kujund\u017ei\u0107 Vudrag<\/p>\n<p>Odgovorna osoba:\u00a0\u00a0\u00a0 Ljiljana Alvir, predsjednica SUOZNHB<\/p>\n<p>&nbsp;<\/p>\n<p>&nbsp;<\/p>\n","protected":false},"excerpt":{"rendered":"<p>IZVJE\u0160\u0106E O RADU 2023. Financijski izvje\u0161taj 2023. IZVJE\u0160\u0106E O RADU 2022. Financijski izvje\u0161taj 2022. IZVJE\u0160\u0106E O RADU 2021. Financijski izvje\u0161taj 2021 IZVJE\u0160\u0106E O RADU 2020. Izvje\u0161taj o prihodima i rashodima Bilanca izvje\u0161\u0107e o radu 2017 IZVJE\u0160\u0106E O RADU ZA 2018 IZVJE\u0160\u0106E O RADU ZA 2019 Financijsko izvje\u0161\u0107e 2019-1-4\u00a0 \u00a0 \u00a0Financijsko izvje\u0161\u0107e 2019-5-7 Izvje\u0161taj neovisnog revizora &hellip; <a href=\"https:\/\/pubweb.carnet.hr\/suoznhb\/izvjesce-o-radu-2\/\" class=\"more-link\">Nastavi \u010ditati <span class=\"screen-reader-text\">IZVJE\u0160\u0106A<\/span> <span class=\"meta-nav\">&rarr;<\/span><\/a><\/p>\n","protected":false},"author":89,"featured_media":0,"parent":0,"menu_order":0,"comment_status":"closed","ping_status":"closed","template":"","meta":{"footnotes":""},"class_list":["post-205","page","type-page","status-publish","hentry"],"_links":{"self":[{"href":"https:\/\/pubweb.carnet.hr\/suoznhb\/wp-json\/wp\/v2\/pages\/205","targetHints":{"allow":["GET"]}}],"collection":[{"href":"https:\/\/pubweb.carnet.hr\/suoznhb\/wp-json\/wp\/v2\/pages"}],"about":[{"href":"https:\/\/pubweb.carnet.hr\/suoznhb\/wp-json\/wp\/v2\/types\/page"}],"author":[{"embeddable":true,"href":"https:\/\/pubweb.carnet.hr\/suoznhb\/wp-json\/wp\/v2\/users\/89"}],"replies":[{"embeddable":true,"href":"https:\/\/pubweb.carnet.hr\/suoznhb\/wp-json\/wp\/v2\/comments?post=205"}],"version-history":[{"count":3,"href":"https:\/\/pubweb.carnet.hr\/suoznhb\/wp-json\/wp\/v2\/pages\/205\/revisions"}],"predecessor-version":[{"id":859,"href":"https:\/\/pubweb.carnet.hr\/suoznhb\/wp-json\/wp\/v2\/pages\/205\/revisions\/859"}],"wp:attachment":[{"href":"https:\/\/pubweb.carnet.hr\/suoznhb\/wp-json\/wp\/v2\/media?parent=205"}],"curies":[{"name":"wp","href":"https:\/\/api.w.org\/{rel}","templated":true}]}}