{"id":2,"date":"2014-07-07T12:05:09","date_gmt":"2014-07-07T12:05:09","guid":{"rendered":"http:\/\/pubweb.carnet.hr\/suoznhb\/?page_id=2"},"modified":"2021-10-25T13:07:34","modified_gmt":"2021-10-25T13:07:34","slug":"primjer-stranice","status":"publish","type":"page","link":"https:\/\/pubweb.carnet.hr\/suoznhb\/primjer-stranice\/","title":{"rendered":"\u010cLANICE SUOZNHB"},"content":{"rendered":"<h4 style=\"text-align: center\"><a href=\"http:\/\/pubweb.carnet.hr\/suoznhb\/primjer-stranice\/majke-vinkovci-2\/\" rel=\"attachment wp-att-195\"><img loading=\"lazy\" decoding=\"async\" class=\"size-medium wp-image-195 aligncenter\" src=\"http:\/\/pubweb.carnet.hr\/suoznhb\/wp-content\/uploads\/sites\/96\/2017\/11\/Majke-Vinkovci-300x294.jpg\" alt=\"\" width=\"300\" height=\"294\" srcset=\"https:\/\/pubweb.carnet.hr\/suoznhb\/wp-content\/uploads\/sites\/96\/2017\/11\/Majke-Vinkovci-300x294.jpg 300w, https:\/\/pubweb.carnet.hr\/suoznhb\/wp-content\/uploads\/sites\/96\/2017\/11\/Majke-Vinkovci.jpg 611w\" sizes=\"auto, (max-width: 300px) 100vw, 300px\" \/><\/a><em>UDRUGA ZATO\u010cENIH I NESTALIH HRVATSKIH BRANITELJA &#8220;HRVATSKA MAJKA&#8221; VINKOVCI<\/em><\/h4>\n<p>&nbsp;<\/p>\n<p><a href=\"http:\/\/udrugavukovarskemajke.hr\/\" target=\"_blank\" rel=\"attachment noopener wp-att-196\"><img loading=\"lazy\" decoding=\"async\" class=\"aligncenter wp-image-196 size-medium\" src=\"http:\/\/pubweb.carnet.hr\/suoznhb\/wp-content\/uploads\/sites\/96\/2017\/11\/Vukovarske-majke-300x300.jpg\" alt=\"\" width=\"300\" height=\"300\" srcset=\"https:\/\/pubweb.carnet.hr\/suoznhb\/wp-content\/uploads\/sites\/96\/2017\/11\/Vukovarske-majke-300x300.jpg 300w, https:\/\/pubweb.carnet.hr\/suoznhb\/wp-content\/uploads\/sites\/96\/2017\/11\/Vukovarske-majke-150x150.jpg 150w, https:\/\/pubweb.carnet.hr\/suoznhb\/wp-content\/uploads\/sites\/96\/2017\/11\/Vukovarske-majke.jpg 676w\" sizes=\"auto, (max-width: 300px) 100vw, 300px\" \/><\/a><\/p>\n<h4 style=\"text-align: center\"><em>UDRUGA RODITELJA I OBITELJI ZAROBLJENIH I NASILNO ODVEDENIH HRVATSKIH BRANITELJA &#8220;VUKOVARSKE MAJKE&#8221; ZAGREB<\/em><\/h4>\n<p>&nbsp;<\/p>\n<p><a href=\"http:\/\/pubweb.carnet.hr\/suoznhb\/primjer-stranice\/osijek\/\" rel=\"attachment wp-att-197\"><img loading=\"lazy\" decoding=\"async\" class=\"size-medium wp-image-197 aligncenter\" src=\"http:\/\/pubweb.carnet.hr\/suoznhb\/wp-content\/uploads\/sites\/96\/2017\/11\/Osijek-283x300.jpg\" alt=\"\" width=\"283\" height=\"300\" srcset=\"https:\/\/pubweb.carnet.hr\/suoznhb\/wp-content\/uploads\/sites\/96\/2017\/11\/Osijek-283x300.jpg 283w, https:\/\/pubweb.carnet.hr\/suoznhb\/wp-content\/uploads\/sites\/96\/2017\/11\/Osijek-768x813.jpg 768w, https:\/\/pubweb.carnet.hr\/suoznhb\/wp-content\/uploads\/sites\/96\/2017\/11\/Osijek.jpg 769w\" sizes=\"auto, (max-width: 283px) 100vw, 283px\" \/><\/a><\/p>\n<h4 style=\"text-align: center\"><em>UDRUGA OBITELJI NESTALIH I NASILNO ODVEDENIH\u00a0 BRANITELJA DOMOVINSKOG RATA<\/em><em> OSJE\u010cKO-BARANJSKE \u017dUPANIJE OSIJEK<\/em><\/h4>\n<p>&nbsp;<\/p>\n<p><a href=\"http:\/\/pubweb.carnet.hr\/suoznhb\/primjer-stranice\/luzan-biskupecki\/\" rel=\"attachment wp-att-198\"><img loading=\"lazy\" decoding=\"async\" class=\"size-medium wp-image-198 aligncenter\" src=\"http:\/\/pubweb.carnet.hr\/suoznhb\/wp-content\/uploads\/sites\/96\/2017\/11\/Lu\u017ean-Bi\u0161kupe\u010dki-283x300.jpg\" alt=\"\" width=\"283\" height=\"300\" srcset=\"https:\/\/pubweb.carnet.hr\/suoznhb\/wp-content\/uploads\/sites\/96\/2017\/11\/Lu\u017ean-Bi\u0161kupe\u010dki-283x300.jpg 283w, https:\/\/pubweb.carnet.hr\/suoznhb\/wp-content\/uploads\/sites\/96\/2017\/11\/Lu\u017ean-Bi\u0161kupe\u010dki.jpg 768w\" sizes=\"auto, (max-width: 283px) 100vw, 283px\" \/><\/a><\/p>\n<h4 style=\"text-align: center\"><em>UDRUGA OBITELJI ZATO\u010cENIH I NESTALIH HRVATSKIH BRANITELJA VARA\u017dDINSKE \u017dUPANIJE LU\u017dAN BI\u0160KUPE\u010cKI<\/em><\/h4>\n<p>&nbsp;<\/p>\n<p><a href=\"http:\/\/hrvatski-feniks.hr\/\" target=\"_blank\" rel=\"attachment noopener wp-att-200\"><img loading=\"lazy\" decoding=\"async\" class=\"size-medium wp-image-200 aligncenter\" src=\"http:\/\/pubweb.carnet.hr\/suoznhb\/wp-content\/uploads\/sites\/96\/2017\/11\/Feniks-300x232.jpg\" alt=\"\" width=\"300\" height=\"232\" srcset=\"https:\/\/pubweb.carnet.hr\/suoznhb\/wp-content\/uploads\/sites\/96\/2017\/11\/Feniks-300x232.jpg 300w, https:\/\/pubweb.carnet.hr\/suoznhb\/wp-content\/uploads\/sites\/96\/2017\/11\/Feniks-768x594.jpg 768w, https:\/\/pubweb.carnet.hr\/suoznhb\/wp-content\/uploads\/sites\/96\/2017\/11\/Feniks.jpg 933w\" sizes=\"auto, (max-width: 300px) 100vw, 300px\" \/><\/a><\/p>\n<h4 style=\"text-align: center\"><em>UDRUGA OBITELJI ZATO\u010cENIH I NESTALIH HRVATSKIH BRANITELJA &#8220;HRVATSKI FENIKS&#8221; ZAGREB<\/em><\/h4>\n<p>&nbsp;<\/p>\n<p><a href=\"http:\/\/pubweb.carnet.hr\/suoznhb\/primjer-stranice\/cakovec\/\" rel=\"attachment wp-att-199\"><img loading=\"lazy\" decoding=\"async\" class=\"size-medium wp-image-199 aligncenter\" src=\"http:\/\/pubweb.carnet.hr\/suoznhb\/wp-content\/uploads\/sites\/96\/2017\/11\/\u010cakovec-300x294.jpg\" alt=\"\" width=\"300\" height=\"294\" srcset=\"https:\/\/pubweb.carnet.hr\/suoznhb\/wp-content\/uploads\/sites\/96\/2017\/11\/\u010cakovec-300x294.jpg 300w, https:\/\/pubweb.carnet.hr\/suoznhb\/wp-content\/uploads\/sites\/96\/2017\/11\/\u010cakovec-768x753.jpg 768w, https:\/\/pubweb.carnet.hr\/suoznhb\/wp-content\/uploads\/sites\/96\/2017\/11\/\u010cakovec.jpg 831w\" sizes=\"auto, (max-width: 300px) 100vw, 300px\" \/><\/a><\/p>\n<h4 style=\"text-align: center\"><em>UDRUGA OBITELJI ZATO\u010cENIH I NESTALIH HRVATSKIH BRANITELJA ME\u0110IMURSKE \u017dUPANIJE \u010cAKOVEC\u00a0<\/em><\/h4>\n","protected":false},"excerpt":{"rendered":"<p>UDRUGA ZATO\u010cENIH I NESTALIH HRVATSKIH BRANITELJA &#8220;HRVATSKA MAJKA&#8221; VINKOVCI &nbsp; UDRUGA RODITELJA I OBITELJI ZAROBLJENIH I NASILNO ODVEDENIH HRVATSKIH BRANITELJA &#8220;VUKOVARSKE MAJKE&#8221; ZAGREB &nbsp; UDRUGA OBITELJI NESTALIH I NASILNO ODVEDENIH\u00a0 BRANITELJA DOMOVINSKOG RATA OSJE\u010cKO-BARANJSKE \u017dUPANIJE OSIJEK &nbsp; UDRUGA OBITELJI ZATO\u010cENIH I NESTALIH HRVATSKIH BRANITELJA VARA\u017dDINSKE \u017dUPANIJE LU\u017dAN BI\u0160KUPE\u010cKI &nbsp; UDRUGA OBITELJI ZATO\u010cENIH I NESTALIH HRVATSKIH &hellip; <a href=\"https:\/\/pubweb.carnet.hr\/suoznhb\/primjer-stranice\/\" class=\"more-link\">Nastavi \u010ditati <span class=\"screen-reader-text\">\u010cLANICE SUOZNHB<\/span> <span class=\"meta-nav\">&rarr;<\/span><\/a><\/p>\n","protected":false},"author":89,"featured_media":0,"parent":0,"menu_order":0,"comment_status":"closed","ping_status":"closed","template":"","meta":{"footnotes":""},"class_list":["post-2","page","type-page","status-publish","hentry"],"_links":{"self":[{"href":"https:\/\/pubweb.carnet.hr\/suoznhb\/wp-json\/wp\/v2\/pages\/2","targetHints":{"allow":["GET"]}}],"collection":[{"href":"https:\/\/pubweb.carnet.hr\/suoznhb\/wp-json\/wp\/v2\/pages"}],"about":[{"href":"https:\/\/pubweb.carnet.hr\/suoznhb\/wp-json\/wp\/v2\/types\/page"}],"author":[{"embeddable":true,"href":"https:\/\/pubweb.carnet.hr\/suoznhb\/wp-json\/wp\/v2\/users\/89"}],"replies":[{"embeddable":true,"href":"https:\/\/pubweb.carnet.hr\/suoznhb\/wp-json\/wp\/v2\/comments?post=2"}],"version-history":[{"count":3,"href":"https:\/\/pubweb.carnet.hr\/suoznhb\/wp-json\/wp\/v2\/pages\/2\/revisions"}],"predecessor-version":[{"id":541,"href":"https:\/\/pubweb.carnet.hr\/suoznhb\/wp-json\/wp\/v2\/pages\/2\/revisions\/541"}],"wp:attachment":[{"href":"https:\/\/pubweb.carnet.hr\/suoznhb\/wp-json\/wp\/v2\/media?parent=2"}],"curies":[{"name":"wp","href":"https:\/\/api.w.org\/{rel}","templated":true}]}}