{"id":69,"date":"2017-01-24T15:19:03","date_gmt":"2017-01-24T14:19:03","guid":{"rendered":"https:\/\/pubweb.carnet.hr\/hsd\/?page_id=69"},"modified":"2022-11-07T11:36:31","modified_gmt":"2022-11-07T10:36:31","slug":"predsjednistvo","status":"publish","type":"page","link":"https:\/\/pubweb.carnet.hr\/hsd\/hr\/o-hsd-u\/predsjednistvo\/","title":{"rendered":"Predsjedni\u0161tvo"},"content":{"rendered":"<p>U okviru Nacionalnog kongresa dana 11. travnja 2019. godine odr\u017eana je Izborna skup\u0161tina Hrvatskog sociolo\u0161kog dru\u0161tva. Sukladno predlo\u017eenom dnevnom redu, s istekom mandata du\u017enosti je razrije\u0161eno dosada\u0161nje Predsjedni\u0161tvo te je ujedno usvojen prijedlog novog Predsjedni\u0161tva za naredno dvogodi\u0161nje razdoblje. Skup\u0161tina je vo\u0111enje Hrvatskog sociolo\u0161kog dru\u0161tva povjerila Predsjedni\u0161tvu u sljede\u0107em sazivu:<\/p>\n<p><strong>Predsjednik<\/strong><br \/>\n<img loading=\"lazy\" decoding=\"async\" class=\"alignright size-full wp-image-1199\" src=\"http:\/\/pubweb.carnet.hr\/hsd\/wp-content\/uploads\/sites\/598\/2017\/03\/branko_cb.jpg\" alt=\"\" width=\"150\" height=\"121\" \/><a href=\"http:\/\/www.idi.hr\/o-nama\/zaposlenici\/znanstveni-suradnici\/branko-ancic\/\" target=\"_blank\" rel=\"noopener\">doc. dr. sc. Branko An\u010di\u0107<\/a><\/p>\n<p>&nbsp;<\/p>\n<p>&nbsp;<\/p>\n<hr \/>\n<p><strong>Dopredsjednica<\/strong><br \/>\n<img loading=\"lazy\" decoding=\"async\" class=\"alignright size-full wp-image-80\" src=\"http:\/\/pubweb.carnet.hr\/hsd\/wp-content\/uploads\/sites\/598\/2017\/01\/jaka_p-e1485351616736.jpg\" alt=\"\" width=\"150\" height=\"190\" \/><a href=\"http:\/\/www.irmo.hr\/hr\/o-institutu\/djelatnici\/dr-sc-jaka-primorac\/\" target=\"_blank\" rel=\"noopener\">Dr. sc. Jaka Primorac<\/a><\/p>\n<p>&nbsp;<\/p>\n<p>&nbsp;<\/p>\n<p>&nbsp;<\/p>\n<hr \/>\n<p><strong>Dopredsjednica<\/strong><br \/>\nDr. sc. Simona Kuti<\/p>\n<p>&nbsp;<\/p>\n<hr \/>\n<p><strong>\u010clanica Predsjedni\u0161tva<\/strong><br \/>\n<img loading=\"lazy\" decoding=\"async\" class=\"alignright size-full wp-image-83\" src=\"http:\/\/pubweb.carnet.hr\/hsd\/wp-content\/uploads\/sites\/598\/2017\/01\/karin-e1485351547103.jpg\" alt=\"\" width=\"150\" height=\"158\" \/><a href=\"http:\/\/www.unizd.hr\/sociologija\/Nastavnicei\/KarinDoolan\/tabid\/4325\/Default.aspx\" target=\"_blank\" rel=\"noopener\">Izv. prof. dr. sc. Karin Doolan<\/a><\/p>\n<p>&nbsp;<\/p>\n<p>&nbsp;<\/p>\n<p>&nbsp;<\/p>\n<hr \/>\n<p><strong>\u010clanica Predsjedni\u0161tva<\/strong><br \/>\n<img loading=\"lazy\" decoding=\"async\" class=\"alignright size-full wp-image-76\" src=\"http:\/\/pubweb.carnet.hr\/hsd\/wp-content\/uploads\/sites\/598\/2017\/01\/anja_gvozdanovic-e1485351647402.jpg\" alt=\"\" width=\"150\" height=\"210\" \/><a href=\"http:\/\/www.idi.hr\/o-nama\/zaposlenici\/znanstveni-suradnici\/anja-gvozdanovic\/\" target=\"_blank\" rel=\"noopener\">Dr. sc. Anja Gvozdanovi\u0107<\/a><\/p>\n<p>&nbsp;<\/p>\n<p>&nbsp;<\/p>\n<p>&nbsp;<\/p>\n<hr \/>\n<p><strong>\u010clanica Predsjedni\u0161tva<\/strong><br \/>\nizv. prof. dr. sc. Valerija Barada<\/p>\n<p>&nbsp;<\/p>\n<hr \/>\n<p><strong>\u010clan Predsjedni\u0161tva<\/strong><br \/>\nDr. sc. Pa\u0161ko Bili\u0107<\/p>\n<p>&nbsp;<\/p>\n<hr \/>\n<p><strong>\u010clan Predsjedni\u0161tva<\/strong><br \/>\nDr. sc. Marko Mustapi\u0107<\/p>\n<p>&nbsp;<\/p>\n<hr \/>\n<p><strong>\u010clan Predsjedni\u0161tva<\/strong><br \/>\n<img loading=\"lazy\" decoding=\"async\" class=\"alignright size-full wp-image-84\" src=\"http:\/\/pubweb.carnet.hr\/hsd\/wp-content\/uploads\/sites\/598\/2017\/01\/krunoslav_nikodem-e1485351565549.jpg\" alt=\"\" width=\"150\" height=\"125\" \/><a href=\"http:\/\/www.ffzg.unizg.hr\/socio\/?page_id=26\" target=\"_blank\" rel=\"noopener\">Prof. dr. sc. Krunoslav Nikodem<\/a><\/p>\n<p>&nbsp;<\/p>\n<p>&nbsp;<\/p>\n<hr \/>\n<p><strong>\u010clanica Predsjedni\u0161tva<\/strong><br \/>\nDoc. dr. sc. Marija Lon\u010dar<\/p>\n<p>&nbsp;<\/p>\n<hr \/>\n<p><strong>Tajnik<\/strong><br \/>\nDr. sc. Marko Mareli\u0107<\/p>\n","protected":false},"excerpt":{"rendered":"<p>U okviru Nacionalnog kongresa dana 11. travnja 2019. godine odr\u017eana je Izborna skup\u0161tina Hrvatskog sociolo\u0161kog dru\u0161tva. Sukladno predlo\u017eenom dnevnom redu, s istekom mandata du\u017enosti je razrije\u0161eno dosada\u0161nje Predsjedni\u0161tvo te je ujedno usvojen prijedlog novog Predsjedni\u0161tva za naredno dvogodi\u0161nje razdoblje. Skup\u0161tina je vo\u0111enje Hrvatskog sociolo\u0161kog dru\u0161tva povjerila Predsjedni\u0161tvu u sljede\u0107em sazivu: Predsjednik doc. dr. sc. Branko &hellip; <a href=\"https:\/\/pubweb.carnet.hr\/hsd\/hr\/o-hsd-u\/predsjednistvo\/\" class=\"more-link\">Nastavi \u010ditati <span class=\"screen-reader-text\">Predsjedni\u0161tvo<\/span><\/a><\/p>\n","protected":false},"author":736,"featured_media":0,"parent":42,"menu_order":0,"comment_status":"closed","ping_status":"closed","template":"","meta":{"footnotes":""},"class_list":["post-69","page","type-page","status-publish","hentry"],"_links":{"self":[{"href":"https:\/\/pubweb.carnet.hr\/hsd\/wp-json\/wp\/v2\/pages\/69","targetHints":{"allow":["GET"]}}],"collection":[{"href":"https:\/\/pubweb.carnet.hr\/hsd\/wp-json\/wp\/v2\/pages"}],"about":[{"href":"https:\/\/pubweb.carnet.hr\/hsd\/wp-json\/wp\/v2\/types\/page"}],"author":[{"embeddable":true,"href":"https:\/\/pubweb.carnet.hr\/hsd\/wp-json\/wp\/v2\/users\/736"}],"replies":[{"embeddable":true,"href":"https:\/\/pubweb.carnet.hr\/hsd\/wp-json\/wp\/v2\/comments?post=69"}],"version-history":[{"count":2,"href":"https:\/\/pubweb.carnet.hr\/hsd\/wp-json\/wp\/v2\/pages\/69\/revisions"}],"predecessor-version":[{"id":2822,"href":"https:\/\/pubweb.carnet.hr\/hsd\/wp-json\/wp\/v2\/pages\/69\/revisions\/2822"}],"up":[{"embeddable":true,"href":"https:\/\/pubweb.carnet.hr\/hsd\/wp-json\/wp\/v2\/pages\/42"}],"wp:attachment":[{"href":"https:\/\/pubweb.carnet.hr\/hsd\/wp-json\/wp\/v2\/media?parent=69"}],"curies":[{"name":"wp","href":"https:\/\/api.w.org\/{rel}","templated":true}]}}