{"id":350,"date":"2017-02-13T15:13:18","date_gmt":"2017-02-13T14:13:18","guid":{"rendered":"https:\/\/pubweb.carnet.hr\/hsd\/?page_id=350"},"modified":"2022-03-14T11:21:27","modified_gmt":"2022-03-14T10:21:27","slug":"podruznice","status":"publish","type":"page","link":"https:\/\/pubweb.carnet.hr\/hsd\/hr\/podruznice\/","title":{"rendered":"Podru\u017enice"},"content":{"rendered":"<h2><strong>Podru\u017enica u Zadru<\/strong><\/h2>\n<p>Zadarska podru\u017enica Hrvatskog sociolo\u0161kog dru\u0161tva djeluje od prolje\u0107a 2009. godine kada je osnovana zbog potrebe ve\u0107e strukovne prisutnosti sociologije u javnom prostoru zadarske regije, ali i \u0161irenja tematskih i suradnih polja cjelokupne sociolo\u0161ke struke u Hrvatskoj. Osim toga, Podru\u017enica posebnu pa\u017enju usmjerava na me\u0111uinstitucionalnu suradnju poglavito mla\u0111ih istra\u017eiva\u010da\/ica, ali i me\u0111unarodnu suradnju s renomiranim profesorima\/cama. U svom je radu Podru\u017enica otvorena prema interdisciplinarnim podru\u010djima, u cilju profiliranja i osna\u017eivanja sociolo\u0161kih interesa \u010dlanstva koje \u010dine zaposlenici\/e i studenti\/ce Odjela za sociologiju Sveu\u010dili\u0161ta u Zadru, srednjo\u0161kolski profesori\/ce te zavr\u0161eni sociolozi\/ginje. Sve temeljne aktivnosti, a to su javna predavanja, kru\u017eoci, predstavljanja knjiga, tribine i debate, otvorene su i \u0161iroj javnosti te popra\u0107ene u lokalnim i nacionalnim medijima.<\/p>\n<p><strong>Voditeljica podru\u017enice<\/strong><\/p>\n<p><a href=\"http:\/\/pubweb.carnet.hr\/hsd\/wp-content\/uploads\/sites\/598\/2022\/03\/fotka.jpg\"><img loading=\"lazy\" decoding=\"async\" class=\"size-full wp-image-2564 alignleft\" src=\"http:\/\/pubweb.carnet.hr\/hsd\/wp-content\/uploads\/sites\/598\/2022\/03\/fotka.jpg\" alt=\"\" width=\"235\" height=\"294\" \/><\/a><a href=\"https:\/\/sociologija.unizd.hr\/nastavnice-i\/marija-saric-mag-soc\">dr. sc. Marija \u0160ari\u0107<\/a><br \/>\nOdjel za sociologiju<br \/>\nSveu\u010dili\u0161te u Zadru<br \/>\nObala kralja Petra Kre\u0161imira IV\/2<br \/>\n23000 Zadar<\/p>\n<p>msaric1@unizd.hr<\/p>\n<p>&nbsp;<\/p>\n<h2>Podru\u017enica u Osijeku<\/h2>\n<p>Osje\u010dka podru\u017enica Hrvatskog sociolo\u0161kog dru\u0161tva djeluje od svibnja 2019. godine. Osnovana je nepune dvije godine nakon pokretanja studija sociologije na Samostalnoj katedri za sociologiju na Filozofskom fakultetu Osijek, Sveu\u010dili\u0161te Josipa Jurja Strossmayera u Osijeku.<\/p>\n<p>Program rada Podru\u017enice HSD-a u Osijeku orijentiran je prema promid\u017ebi i razvoju sociologije kao struke i sociologa kao djelatnika u struci, kulturi, znanosti i prosvjeti. Op\u0107i su ciljevi programa Podru\u017enice u Osijeku u skladu s ciljevima Dru\u0161tva, kao i me\u0111unarodnih sociolo\u0161kih udru\u017eenja, da inicira aktivnosti i okupljanja aktera u podru\u010dju sociologije (sastanke, radionice, tribine, predavanja, suradnje, izdava\u0161tvo, istra\u017eivanja, usavr\u0161avanja itd.) te omogu\u0107i ve\u0107u vidljivost sociologije i razvoj stru\u010dne etike i odgovornosti u radu sociologa u razli\u010ditim podru\u010djima. Glavne aktivnosti Podru\u017enice u Osijeku provode se kroz tri glavna programa: sociolo\u0161ki kru\u017eoci, sociologija za sve i sociolo\u0161ka predavanja. Sve su aktivnosti otvorene javnosti.<\/p>\n<p>&nbsp;<\/p>\n<p><strong>Voditeljica podru\u017enice<\/strong><\/p>\n<p><u><img loading=\"lazy\" decoding=\"async\" class=\"wp-image-2339 alignleft\" src=\"http:\/\/pubweb.carnet.hr\/hsd\/wp-content\/uploads\/sites\/598\/2020\/08\/ad.png\" alt=\"\" width=\"207\" height=\"311\" srcset=\"https:\/\/pubweb.carnet.hr\/hsd\/wp-content\/uploads\/sites\/598\/2020\/08\/ad.png 330w, https:\/\/pubweb.carnet.hr\/hsd\/wp-content\/uploads\/sites\/598\/2020\/08\/ad-200x300.png 200w\" sizes=\"auto, (max-width: 207px) 100vw, 207px\" \/><\/u><span style=\"text-decoration: underline\">Dr. sc. Anita Dremel,<\/span> docentica<br \/>\nKatedra za sociologiju<br \/>\nFilozofski fakultet Osijek<br \/>\nLorenza J\u00e4gera 9<br \/>\n31000 Osijek<\/p>\n<p>+ 385 (0) 91 726-9610<br \/>\n+ 385 (0) 31 494-636<\/p>\n<p><a href=\"mailto:anitadremel@gmail.com\">anitadremel@gmail.com<\/a><br \/>\n<a href=\"mailto:adremel@ffos.hr\">adremel@ffos.hr<\/a><\/p>\n<h2><\/h2>\n<h2><strong>Podru\u017enica u Splitu<\/strong><\/h2>\n<p>Splitska podru\u017enica Hrvatskog sociolo\u0161kog dru\u0161tva djeluje od 2006., a uspostavljena je godinu dana nakon osnivanja Odsjeka za sociologiju te Preddiplomskog i Diplomskog studija sociologije pri Filozofskom fakultetu Sveu\u010dili\u0161ta u Splitu. Glavni su ciljevi podru\u017enice otvoriti sociolo\u0161ku struku prema \u0161iroj javnosti i struci putem izlaganja, predavanja, tribina i promocija. Afirmiraju se aktualne teme vezane za teorijska i metodolo\u0161ka promi\u0161ljanja unutar sociologije, kao i sociolo\u0161ku imaginaciju mediteranskog konteksta. Navedene se aktivnosti provode kroz \u010detiri programa: (1) Sociolo\u0161ki razgovori, (2) Metodolo\u0161ke teme, (3) Sociolo\u0161ka tribina (program prema \u201evani\u201c) i (4) Promocije.<\/p>\n<p><strong>Voditeljica podru\u017enice<\/strong><\/p>\n<p><img loading=\"lazy\" decoding=\"async\" class=\"wp-image-2380 alignleft\" src=\"http:\/\/pubweb.carnet.hr\/hsd\/wp-content\/uploads\/sites\/598\/2020\/12\/ml.jpg\" alt=\"\" width=\"202\" height=\"256\" \/><\/p>\n<p><span style=\"text-decoration: underline\">Dr. sc.\u00a0Marija Lon\u010dar<\/span>, docentica<br \/>\nOdsjek\u00a0za sociologiju<br \/>\nFilozofski fakultet Sveu\u010dili\u0161ta u Splitu<br \/>\nPolji\u010dka cesta 35<br \/>\n21000 Split<\/p>\n<p><span style=\"text-decoration: underline\">mloncar@ffst.hr<\/span><\/p>\n","protected":false},"excerpt":{"rendered":"<p>Podru\u017enica u Zadru Zadarska podru\u017enica Hrvatskog sociolo\u0161kog dru\u0161tva djeluje od prolje\u0107a 2009. godine kada je osnovana zbog potrebe ve\u0107e strukovne prisutnosti sociologije u javnom prostoru zadarske regije, ali i \u0161irenja tematskih i suradnih polja cjelokupne sociolo\u0161ke struke u Hrvatskoj. Osim toga, Podru\u017enica posebnu pa\u017enju usmjerava na me\u0111uinstitucionalnu suradnju poglavito mla\u0111ih istra\u017eiva\u010da\/ica, ali i me\u0111unarodnu suradnju &hellip; <a href=\"https:\/\/pubweb.carnet.hr\/hsd\/hr\/podruznice\/\" class=\"more-link\">Nastavi \u010ditati <span class=\"screen-reader-text\">Podru\u017enice<\/span><\/a><\/p>\n","protected":false},"author":736,"featured_media":0,"parent":0,"menu_order":0,"comment_status":"closed","ping_status":"closed","template":"","meta":{"footnotes":""},"class_list":["post-350","page","type-page","status-publish","hentry"],"_links":{"self":[{"href":"https:\/\/pubweb.carnet.hr\/hsd\/wp-json\/wp\/v2\/pages\/350","targetHints":{"allow":["GET"]}}],"collection":[{"href":"https:\/\/pubweb.carnet.hr\/hsd\/wp-json\/wp\/v2\/pages"}],"about":[{"href":"https:\/\/pubweb.carnet.hr\/hsd\/wp-json\/wp\/v2\/types\/page"}],"author":[{"embeddable":true,"href":"https:\/\/pubweb.carnet.hr\/hsd\/wp-json\/wp\/v2\/users\/736"}],"replies":[{"embeddable":true,"href":"https:\/\/pubweb.carnet.hr\/hsd\/wp-json\/wp\/v2\/comments?post=350"}],"version-history":[{"count":3,"href":"https:\/\/pubweb.carnet.hr\/hsd\/wp-json\/wp\/v2\/pages\/350\/revisions"}],"predecessor-version":[{"id":2596,"href":"https:\/\/pubweb.carnet.hr\/hsd\/wp-json\/wp\/v2\/pages\/350\/revisions\/2596"}],"wp:attachment":[{"href":"https:\/\/pubweb.carnet.hr\/hsd\/wp-json\/wp\/v2\/media?parent=350"}],"curies":[{"name":"wp","href":"https:\/\/api.w.org\/{rel}","templated":true}]}}